{"id":54,"date":"2015-04-25T11:10:05","date_gmt":"2015-04-25T11:10:05","guid":{"rendered":"http:\/\/thevoux.fuelthemes.net\/?page_id=54"},"modified":"2025-11-09T10:37:20","modified_gmt":"2025-11-09T15:37:20","slug":"home-style-4","status":"publish","type":"page","link":"https:\/\/latinamericasecurityreport.com\/","title":{"rendered":"Home &#8211; Style 4"},"content":{"rendered":"<div class=\"wpb-content-wrapper\">[vc_row full_height=&#8221;yes&#8221; columns_placement=&#8221;top&#8221; equal_height=&#8221;true&#8221; vertical_center=&#8221;&#8221; enable_parallax=&#8221;&#8221; parallax_speed=&#8221;0.5&#8243; mouse_scroll=&#8221;&#8221;][vc_column width=&#8221;3\/4&#8243;]<aside class=\"gap cf\" style=\"height:30px;\"><\/aside>\t<div id=\"thb-post-slider-6a97af8a41eec\" class=\"slick thb-post-slider featured-style3 dark-pagination     \" data-columns=\"1\" data-pagination=\"true\" data-navigation=\"true\" data-autoplay=\"\" data-autoplay-speed=\"4000\">\n\t\t\t\t<div>\n\t\t\t<article itemscope itemtype=\"http:\/\/schema.org\/Article\" class=\"post post-slider featured-style3  center-category post-10352 post type-post status-publish format-standard has-post-thumbnail hentry category-security-public-safety\">\n\t<figure class=\"post-gallery\">\n\t\t\t<img loading=\"lazy\" decoding=\"async\" width=\"680\" height=\"400\" src=\"https:\/\/lawfare-assets-new.azureedge.net\/assets\/images\/default-source\/article-images\/1280px-uss_kearsarge_(lhd_3)_transits_the_caribbean_sea_(36534339183).jpg?sfvrsn=ac022da4_5\" class=\"attachment-thevoux-style9-2x size-thevoux-style9-2x wp-post-image\" alt=\"The Boat Strikes Aren\u2019t Part of a War. They\u2019re Murder.\" title=\"The Boat Strikes Aren\u2019t Part of a War. They\u2019re Murder.\" \/>\t<\/figure>\n\t<div class=\"featured-title\">\n\t\t\t<div class=\"thb-post-top\">\n\t\t\t\t<aside class=\"post-meta style1\">\n\t\t\t<a href=\"https:\/\/latinamericasecurityreport.com\/?cat=182\" class=\"cat-security-public-safety\" aria-label=\"SECURITY &amp; PUBLIC SAFETY\">SECURITY &amp; PUBLIC SAFETY<\/a>\t\t<\/aside>\n\t\t\t\t\t<\/div>\n\t\t\t<div class=\"post-title\"><h3 itemprop=\"headline\"><a href=\"https:\/\/latinamericasecurityreport.com\/?p=10352\" title=\"The Boat Strikes Aren\u2019t Part of a War. They\u2019re Murder.\">The Boat Strikes Aren\u2019t Part of a War. They\u2019re Murder.<\/a><\/h3><\/div>\t\t\t<aside class=\"post-author\">\n\t\t<em>by<\/em> <a href=\"https:\/\/latinamericasecurityreport.com\/?author=124\" rel=\"author\">DKS783NLFABV<\/a>\t<\/aside>\n\t\t\t\t<\/div>\n\t\t<aside class=\"post-bottom-meta hide\">\n\t\t<meta itemprop=\"mainEntityOfPage\" content=\"https:\/\/latinamericasecurityreport.com\/?p=10352\">\n\t\t<span class=\"vcard author\" itemprop=\"author\" content=\"DKS783NLFABV\">\n\t\t\t<span class=\"fn\">DKS783NLFABV<\/span>\n\t\t<\/span>\n\t\t<time class=\"time publised entry-date\" datetime=\"2026-08-31T07:25:29-04:00\" itemprop=\"datePublished\" content=\"2026-08-31T07:25:29-04:00\">August 31, 2026<\/time>\n\t\t<meta itemprop=\"dateModified\" class=\"updated\" content=\"2026-08-31T07:25:29-04:00\">\n\t\t<span itemprop=\"publisher\" itemscope itemtype=\"https:\/\/schema.org\/Organization\">\n\t\t\t<meta itemprop=\"name\" content=\"Latin America Security Report\">\n\t\t\t<span itemprop=\"logo\" itemscope itemtype=\"https:\/\/schema.org\/ImageObject\">\n\t\t\t\t<meta itemprop=\"url\" content=\"https:\/\/latinamericasecurityreport.com\/wp-content\/themes\/thevoux-wp\/assets\/img\/logo.png\">\n\t\t\t<\/span>\n\t\t<\/span>\n\t\t\t\t\t<span itemprop=\"image\" itemscope itemtype=\"http:\/\/schema.org\/ImageObject\">\n\t\t\t\t<meta itemprop=\"url\" content=\"https:\/\/lawfare-assets-new.azureedge.net\/assets\/images\/default-source\/article-images\/1280px-uss_kearsarge_(lhd_3)_transits_the_caribbean_sea_(36534339183).jpg?sfvrsn=ac022da4_5\">\n\t\t\t\t<meta itemprop=\"width\" content=\"0\" \/>\n\t\t\t\t<meta itemprop=\"height\" content=\"0\" \/>\n\t\t\t<\/span>\n\t\t\t<\/aside>\n\t<\/article>\n\t\t<\/div>\n\t\t\t\t<div>\n\t\t\t<article itemscope itemtype=\"http:\/\/schema.org\/Article\" class=\"post post-slider featured-style3  center-category post-10332 post type-post status-publish format-standard has-post-thumbnail hentry category-security-public-safety\">\n\t<figure class=\"post-gallery\">\n\t\t\t<img loading=\"lazy\" decoding=\"async\" width=\"680\" height=\"400\" src=\"https:\/\/dims.apnews.com\/dims4\/default\/6744a58\/2147483647\/strip\/true\/crop\/5616x3744+0+0\/resize\/2880x1920!\/format\/webp\/quality\/90\/?url=https%3A%2F%2Fassets.apnews.com%2F75%2F63%2F6818b38f6a07f9640cd00240868e%2F0e24b556f6ff4e5c85ab1f435b46f6c2\" class=\"attachment-thevoux-style9-2x size-thevoux-style9-2x wp-post-image\" alt=\"After Killing Hundreds in Boat Strikes, U.S. Military Expands Campaign on Land in Latin America\" title=\"After Killing Hundreds in Boat Strikes, U.S. Military Expands Campaign on Land in Latin America\" \/>\t<\/figure>\n\t<div class=\"featured-title\">\n\t\t\t<div class=\"thb-post-top\">\n\t\t\t\t<aside class=\"post-meta style1\">\n\t\t\t<a href=\"https:\/\/latinamericasecurityreport.com\/?cat=182\" class=\"cat-security-public-safety\" aria-label=\"SECURITY &amp; PUBLIC SAFETY\">SECURITY &amp; PUBLIC SAFETY<\/a>\t\t<\/aside>\n\t\t\t\t\t<\/div>\n\t\t\t<div class=\"post-title\"><h3 itemprop=\"headline\"><a href=\"https:\/\/latinamericasecurityreport.com\/?p=10332\" title=\"After Killing Hundreds in Boat Strikes, U.S. Military Expands Campaign on Land in Latin America\">After Killing Hundreds in Boat Strikes, U.S. Military Expands Campaign on Land in Latin America<\/a><\/h3><\/div>\t\t\t<aside class=\"post-author\">\n\t\t<em>by<\/em> <a href=\"https:\/\/latinamericasecurityreport.com\/?author=124\" rel=\"author\">DKS783NLFABV<\/a>\t<\/aside>\n\t\t\t\t<\/div>\n\t\t<aside class=\"post-bottom-meta hide\">\n\t\t<meta itemprop=\"mainEntityOfPage\" content=\"https:\/\/latinamericasecurityreport.com\/?p=10332\">\n\t\t<span class=\"vcard author\" itemprop=\"author\" content=\"DKS783NLFABV\">\n\t\t\t<span class=\"fn\">DKS783NLFABV<\/span>\n\t\t<\/span>\n\t\t<time class=\"time publised entry-date\" datetime=\"2026-08-17T09:52:59-04:00\" itemprop=\"datePublished\" content=\"2026-08-17T09:52:59-04:00\">August 17, 2026<\/time>\n\t\t<meta itemprop=\"dateModified\" class=\"updated\" content=\"2026-08-17T09:52:59-04:00\">\n\t\t<span itemprop=\"publisher\" itemscope itemtype=\"https:\/\/schema.org\/Organization\">\n\t\t\t<meta itemprop=\"name\" content=\"Latin America Security Report\">\n\t\t\t<span itemprop=\"logo\" itemscope itemtype=\"https:\/\/schema.org\/ImageObject\">\n\t\t\t\t<meta itemprop=\"url\" content=\"https:\/\/latinamericasecurityreport.com\/wp-content\/themes\/thevoux-wp\/assets\/img\/logo.png\">\n\t\t\t<\/span>\n\t\t<\/span>\n\t\t\t\t\t<span itemprop=\"image\" itemscope itemtype=\"http:\/\/schema.org\/ImageObject\">\n\t\t\t\t<meta itemprop=\"url\" content=\"https:\/\/dims.apnews.com\/dims4\/default\/6744a58\/2147483647\/strip\/true\/crop\/5616x3744+0+0\/resize\/2880x1920!\/format\/webp\/quality\/90\/?url=https%3A%2F%2Fassets.apnews.com%2F75%2F63%2F6818b38f6a07f9640cd00240868e%2F0e24b556f6ff4e5c85ab1f435b46f6c2\">\n\t\t\t\t<meta itemprop=\"width\" content=\"0\" \/>\n\t\t\t\t<meta itemprop=\"height\" content=\"0\" \/>\n\t\t\t<\/span>\n\t\t\t<\/aside>\n\t<\/article>\n\t\t<\/div>\n\t\t\t\t<div>\n\t\t\t<article itemscope itemtype=\"http:\/\/schema.org\/Article\" class=\"post post-slider featured-style3  center-category post-10323 post type-post status-publish format-standard has-post-thumbnail hentry category-security-public-safety\">\n\t<figure class=\"post-gallery\">\n\t\t\t<img loading=\"lazy\" decoding=\"async\" width=\"680\" height=\"400\" src=\"https:\/\/images.theconversation.com\/files\/752909\/original\/file-20260809-50-v5j5n.jpg\" class=\"attachment-thevoux-style9-2x size-thevoux-style9-2x wp-post-image\" alt=\"Criminal Gangs Have Diversified Across Latin America, Making Them More Resilient \u2013 but Not Untouchable\" title=\"Criminal Gangs Have Diversified Across Latin America, Making Them More Resilient \u2013 but Not Untouchable\" \/>\t<\/figure>\n\t<div class=\"featured-title\">\n\t\t\t<div class=\"thb-post-top\">\n\t\t\t\t<aside class=\"post-meta style1\">\n\t\t\t<a href=\"https:\/\/latinamericasecurityreport.com\/?cat=182\" class=\"cat-security-public-safety\" aria-label=\"SECURITY &amp; PUBLIC SAFETY\">SECURITY &amp; PUBLIC SAFETY<\/a>\t\t<\/aside>\n\t\t\t\t\t<\/div>\n\t\t\t<div class=\"post-title\"><h3 itemprop=\"headline\"><a href=\"https:\/\/latinamericasecurityreport.com\/?p=10323\" title=\"Criminal Gangs Have Diversified Across Latin America, Making Them More Resilient \u2013 but Not Untouchable\">Criminal Gangs Have Diversified Across Latin America, Making Them More Resilient \u2013 but Not Untouchable<\/a><\/h3><\/div>\t\t\t<aside class=\"post-author\">\n\t\t<em>by<\/em> <a href=\"https:\/\/latinamericasecurityreport.com\/?author=124\" rel=\"author\">DKS783NLFABV<\/a>\t<\/aside>\n\t\t\t\t<\/div>\n\t\t<aside class=\"post-bottom-meta hide\">\n\t\t<meta itemprop=\"mainEntityOfPage\" content=\"https:\/\/latinamericasecurityreport.com\/?p=10323\">\n\t\t<span class=\"vcard author\" itemprop=\"author\" content=\"DKS783NLFABV\">\n\t\t\t<span class=\"fn\">DKS783NLFABV<\/span>\n\t\t<\/span>\n\t\t<time class=\"time publised entry-date\" datetime=\"2026-08-11T05:21:44-04:00\" itemprop=\"datePublished\" content=\"2026-08-11T05:21:44-04:00\">August 11, 2026<\/time>\n\t\t<meta itemprop=\"dateModified\" class=\"updated\" content=\"2026-08-11T05:21:44-04:00\">\n\t\t<span itemprop=\"publisher\" itemscope itemtype=\"https:\/\/schema.org\/Organization\">\n\t\t\t<meta itemprop=\"name\" content=\"Latin America Security Report\">\n\t\t\t<span itemprop=\"logo\" itemscope itemtype=\"https:\/\/schema.org\/ImageObject\">\n\t\t\t\t<meta itemprop=\"url\" content=\"https:\/\/latinamericasecurityreport.com\/wp-content\/themes\/thevoux-wp\/assets\/img\/logo.png\">\n\t\t\t<\/span>\n\t\t<\/span>\n\t\t\t\t\t<span itemprop=\"image\" itemscope itemtype=\"http:\/\/schema.org\/ImageObject\">\n\t\t\t\t<meta itemprop=\"url\" content=\"https:\/\/images.theconversation.com\/files\/752909\/original\/file-20260809-50-v5j5n.jpg\">\n\t\t\t\t<meta itemprop=\"width\" content=\"0\" \/>\n\t\t\t\t<meta itemprop=\"height\" content=\"0\" \/>\n\t\t\t<\/span>\n\t\t\t<\/aside>\n\t<\/article>\n\t\t<\/div>\n\t\t\t\t<div>\n\t\t\t<article itemscope itemtype=\"http:\/\/schema.org\/Article\" class=\"post post-slider featured-style3  center-category post-9778 post type-post status-publish format-standard has-post-thumbnail hentry category-security-public-safety\">\n\t<figure class=\"post-gallery\">\n\t\t\t<img loading=\"lazy\" decoding=\"async\" width=\"680\" height=\"400\" src=\"https:\/\/dims.apnews.com\/dims4\/default\/cc287cf\/2147483647\/strip\/true\/crop\/4140x2759+0+1\/resize\/980x653!\/quality\/90\/?url=https%3A%2F%2Fassets.apnews.com%2F9f%2F55%2F8be742fa427525bd6b4956cdcbdf%2Fe48d77d7c24245c192c28a7b01a8af2c\" class=\"attachment-thevoux-style9-2x size-thevoux-style9-2x wp-post-image\" alt=\"Mexico\u2019s Sheinbaum Denies Reports of CIA Operations There While CNN Stands by Report\" title=\"Mexico\u2019s Sheinbaum Denies Reports of CIA Operations There While CNN Stands by Report\" \/>\t<\/figure>\n\t<div class=\"featured-title\">\n\t\t\t<div class=\"thb-post-top\">\n\t\t\t\t<aside class=\"post-meta style1\">\n\t\t\t<a href=\"https:\/\/latinamericasecurityreport.com\/?cat=182\" class=\"cat-security-public-safety\" aria-label=\"SECURITY &amp; PUBLIC SAFETY\">SECURITY &amp; PUBLIC SAFETY<\/a>\t\t<\/aside>\n\t\t\t\t\t<\/div>\n\t\t\t<div class=\"post-title\"><h3 itemprop=\"headline\"><a href=\"https:\/\/latinamericasecurityreport.com\/?p=9778\" title=\"Mexico\u2019s Sheinbaum Denies Reports of CIA Operations There While CNN Stands by Report\">Mexico\u2019s Sheinbaum Denies Reports of CIA Operations There While CNN Stands by Report<\/a><\/h3><\/div>\t\t\t<aside class=\"post-author\">\n\t\t<em>by<\/em> <a href=\"https:\/\/latinamericasecurityreport.com\/?author=124\" rel=\"author\">DKS783NLFABV<\/a>\t<\/aside>\n\t\t\t\t<\/div>\n\t\t<aside class=\"post-bottom-meta hide\">\n\t\t<meta itemprop=\"mainEntityOfPage\" content=\"https:\/\/latinamericasecurityreport.com\/?p=9778\">\n\t\t<span class=\"vcard author\" itemprop=\"author\" content=\"DKS783NLFABV\">\n\t\t\t<span class=\"fn\">DKS783NLFABV<\/span>\n\t\t<\/span>\n\t\t<time class=\"time publised entry-date\" datetime=\"2026-05-14T13:27:41-04:00\" itemprop=\"datePublished\" content=\"2026-05-14T13:27:41-04:00\">May 14, 2026<\/time>\n\t\t<meta itemprop=\"dateModified\" class=\"updated\" content=\"2026-05-14T13:27:41-04:00\">\n\t\t<span itemprop=\"publisher\" itemscope itemtype=\"https:\/\/schema.org\/Organization\">\n\t\t\t<meta itemprop=\"name\" content=\"Latin America Security Report\">\n\t\t\t<span itemprop=\"logo\" itemscope itemtype=\"https:\/\/schema.org\/ImageObject\">\n\t\t\t\t<meta itemprop=\"url\" content=\"https:\/\/latinamericasecurityreport.com\/wp-content\/themes\/thevoux-wp\/assets\/img\/logo.png\">\n\t\t\t<\/span>\n\t\t<\/span>\n\t\t\t\t\t<span itemprop=\"image\" itemscope itemtype=\"http:\/\/schema.org\/ImageObject\">\n\t\t\t\t<meta itemprop=\"url\" content=\"https:\/\/dims.apnews.com\/dims4\/default\/cc287cf\/2147483647\/strip\/true\/crop\/4140x2759+0+1\/resize\/980x653!\/quality\/90\/?url=https%3A%2F%2Fassets.apnews.com%2F9f%2F55%2F8be742fa427525bd6b4956cdcbdf%2Fe48d77d7c24245c192c28a7b01a8af2c\">\n\t\t\t\t<meta itemprop=\"width\" content=\"0\" \/>\n\t\t\t\t<meta itemprop=\"height\" content=\"0\" \/>\n\t\t\t<\/span>\n\t\t\t<\/aside>\n\t<\/article>\n\t\t<\/div>\n\t\t\t<\/div>\n\t\t\t\t<style>\n\t\t\t\t\t\t\t\t@media screen and ( min-width: 768px ) {\n\t\t\t\t\t\t#thb-post-slider-6a97af8a41eec .wp-post-image {\n\t\t\t\t\t\t\theight: 700px\t\t\t\t\t\t}\n\t\t\t\t\t\t\t\t\t\t\t}\n\t\t\t\t\t\t\t\t<\/style>\n\t\t\t<aside class=\"gap cf\" style=\"height:30px;\"><\/aside>[vc_row_inner][vc_column_inner width=&#8221;1\/3&#8243;]<div class=\"contentbox \"><a href=\"https:\/\/globalcybersecurityreport.com\/\"  target=\"_blank\"><figure><img loading=\"lazy\" decoding=\"async\" width=\"800\" height=\"450\" src=\"https:\/\/latinamericasecurityreport.com\/wp-content\/uploads\/2025\/11\/global-cybersecurity.jpg\" class=\"attachment-full size-full\" alt=\"\" srcset=\"https:\/\/latinamericasecurityreport.com\/wp-content\/uploads\/2025\/11\/global-cybersecurity.jpg 800w, https:\/\/latinamericasecurityreport.com\/wp-content\/uploads\/2025\/11\/global-cybersecurity-300x169.jpg 300w, https:\/\/latinamericasecurityreport.com\/wp-content\/uploads\/2025\/11\/global-cybersecurity-768x432.jpg 768w, https:\/\/latinamericasecurityreport.com\/wp-content\/uploads\/2025\/11\/global-cybersecurity-450x253.jpg 450w, https:\/\/latinamericasecurityreport.com\/wp-content\/uploads\/2025\/11\/global-cybersecurity-20x11.jpg 20w, https:\/\/latinamericasecurityreport.com\/wp-content\/uploads\/2025\/11\/global-cybersecurity-225x127.jpg 225w, https:\/\/latinamericasecurityreport.com\/wp-content\/uploads\/2025\/11\/global-cybersecurity-527x296.jpg 527w\" sizes=\"auto, (max-width: 800px) 100vw, 800px\" \/><\/figure><div class=\"content\"><h6 style=\"color: #000000\"><\/h6>Global Cyber Security Report<\/div><\/a><\/div>[\/vc_column_inner][vc_column_inner width=&#8221;1\/3&#8243;]<div class=\"contentbox animation bottom-to-top\"><a href=\"https:\/\/globalhealthnewswire.com\/\"  target=\"_blank\"><figure><img loading=\"lazy\" decoding=\"async\" width=\"800\" height=\"480\" src=\"https:\/\/latinamericasecurityreport.com\/wp-content\/uploads\/2025\/11\/ImageForArticle_25169_17240644297678996.jpg\" class=\"attachment-full size-full\" alt=\"\" srcset=\"https:\/\/latinamericasecurityreport.com\/wp-content\/uploads\/2025\/11\/ImageForArticle_25169_17240644297678996.jpg 800w, https:\/\/latinamericasecurityreport.com\/wp-content\/uploads\/2025\/11\/ImageForArticle_25169_17240644297678996-300x180.jpg 300w, https:\/\/latinamericasecurityreport.com\/wp-content\/uploads\/2025\/11\/ImageForArticle_25169_17240644297678996-768x461.jpg 768w, https:\/\/latinamericasecurityreport.com\/wp-content\/uploads\/2025\/11\/ImageForArticle_25169_17240644297678996-450x270.jpg 450w, https:\/\/latinamericasecurityreport.com\/wp-content\/uploads\/2025\/11\/ImageForArticle_25169_17240644297678996-225x135.jpg 225w, https:\/\/latinamericasecurityreport.com\/wp-content\/uploads\/2025\/11\/ImageForArticle_25169_17240644297678996-20x11.jpg 20w, https:\/\/latinamericasecurityreport.com\/wp-content\/uploads\/2025\/11\/ImageForArticle_25169_17240644297678996-527x316.jpg 527w\" sizes=\"auto, (max-width: 800px) 100vw, 800px\" \/><\/figure><div class=\"content\"><h6><\/h6>Global Health News Wire<\/div><\/a><\/div>[\/vc_column_inner][vc_column_inner width=&#8221;1\/3&#8243;]<div class=\"contentbox \"><a href=\"https:\/\/globalsecuritywire.com\/\"  target=\"_blank\"><figure><img loading=\"lazy\" decoding=\"async\" width=\"1365\" height=\"768\" src=\"https:\/\/latinamericasecurityreport.com\/wp-content\/uploads\/2025\/11\/Global-communication-network-concept.jpg\" class=\"attachment-full size-full\" alt=\"\" srcset=\"https:\/\/latinamericasecurityreport.com\/wp-content\/uploads\/2025\/11\/Global-communication-network-concept.jpg 1365w, https:\/\/latinamericasecurityreport.com\/wp-content\/uploads\/2025\/11\/Global-communication-network-concept-300x169.jpg 300w, https:\/\/latinamericasecurityreport.com\/wp-content\/uploads\/2025\/11\/Global-communication-network-concept-1024x576.jpg 1024w, https:\/\/latinamericasecurityreport.com\/wp-content\/uploads\/2025\/11\/Global-communication-network-concept-768x432.jpg 768w, https:\/\/latinamericasecurityreport.com\/wp-content\/uploads\/2025\/11\/Global-communication-network-concept-450x253.jpg 450w, https:\/\/latinamericasecurityreport.com\/wp-content\/uploads\/2025\/11\/Global-communication-network-concept-20x11.jpg 20w, https:\/\/latinamericasecurityreport.com\/wp-content\/uploads\/2025\/11\/Global-communication-network-concept-225x127.jpg 225w, https:\/\/latinamericasecurityreport.com\/wp-content\/uploads\/2025\/11\/Global-communication-network-concept-900x506.jpg 900w, https:\/\/latinamericasecurityreport.com\/wp-content\/uploads\/2025\/11\/Global-communication-network-concept-1350x760.jpg 1350w, https:\/\/latinamericasecurityreport.com\/wp-content\/uploads\/2025\/11\/Global-communication-network-concept-527x297.jpg 527w\" sizes=\"auto, (max-width: 1365px) 100vw, 1365px\" \/><\/figure><div class=\"content\"><h6><\/h6>Global Security Wire<\/div><\/a><\/div>[\/vc_column_inner][\/vc_row_inner]<aside class=\"gap cf\" style=\"height:30px;\"><\/aside>\t\t\t<div class=\"posts post-grid-style2 style2-posts    border  \" data-loadmore=\"#loadmore-99\" data-rand=\"99\" data-security=\"6d0d8ba7b7\">\n\t\t\t\t\t\t\t\t<article itemscope itemtype=\"http:\/\/schema.org\/Article\" class=\"post style1  post-10343 post type-post status-publish format-standard has-post-thumbnail hentry category-polity-governance\">\r\n\t<div class=\"row align-middle\">\r\n\t\t<div class=\"small-12 medium-5 large-6 columns\">\r\n\t\t\t\t\t\t<figure class=\"post-gallery\">\r\n\t\t\t\t\t\t\t\t<a href=\"https:\/\/latinamericasecurityreport.com\/?p=10343\" title=\"Colombia\u2019s Transitional Justice Was Built to Survive de la Espriella\"><img loading=\"lazy\" decoding=\"async\" width=\"740\" height=\"560\" src=\"https:\/\/lawfare-assets-new.azureedge.net\/assets\/images\/default-source\/article-images\/1280px-colombian_presidential_candidate_abelardo_de_la_espriella.jpg?sfvrsn=26423f23_5\" class=\"attachment-thevoux-style1-2x size-thevoux-style1-2x wp-post-image\" alt=\"Colombia\u2019s Transitional Justice Was Built to Survive de la Espriella\" title=\"Colombia\u2019s Transitional Justice Was Built to Survive de la Espriella\" \/><\/a>\r\n\t\t\t<\/figure>\r\n\t\t\t\t\t<\/div>\r\n\t\t<div class=\"small-12 medium-7 large-6 columns\">\r\n\t\t\t<div class=\"thb-post-style1-content\">\r\n\t\t\t\t\t<div class=\"thb-post-top\">\n\t\t\t\t<aside class=\"post-meta style1\">\n\t\t\t<a href=\"https:\/\/latinamericasecurityreport.com\/?cat=192\" class=\"cat-polity-governance\" aria-label=\"POLITY &amp; GOVERNANCE\">POLITY &amp; GOVERNANCE<\/a>\t\t<\/aside>\n\t\t\t\t\t\t\t<aside class=\"post-date\">\n\t\t\t\tAugust 24, 2026\t\t\t<\/aside>\n\t\t\t<\/div>\n\t\t\t\t\t<div class=\"post-title\"><h3 itemprop=\"headline\"><a href=\"https:\/\/latinamericasecurityreport.com\/?p=10343\" title=\"Colombia\u2019s Transitional Justice Was Built to Survive de la Espriella\">Colombia\u2019s Transitional Justice Was Built to Survive de la Espriella<\/a><\/h3><\/div>\t\t\t\t\t\t\t\t<div class=\"post-content small\">\r\n\t\t\t\t\t<p>It is a global model for its domestic, not international, legal origins. Future peace may&hellip;<\/p>\n\t\t\t\t\t<footer class=\"post-links\">\n\t\t<a href=\"https:\/\/latinamericasecurityreport.com\/?p=10343#respond\" title=\"Colombia\u2019s Transitional Justice Was Built to Survive de la Espriella\" class=\"post-link comment-link\"><svg version=\"1.1\" xmlns=\"http:\/\/www.w3.org\/2000\/svg\" xmlns:xlink=\"http:\/\/www.w3.org\/1999\/xlink\" x=\"0px\" y=\"0px\" width=\"13px\" height=\"13.091px\" viewBox=\"0 0 13 13.091\" enable-background=\"new 0 0 13 13.091\" xml:space=\"preserve\">\n<path d=\"M13,0.919v9.188c0,0.504-0.413,0.918-0.92,0.918H6.408l-2.136,1.838C3.999,13.094,3.62,13.166,3.284,13\n\tc-0.321-0.137-0.528-0.461-0.528-0.826v-1.148H0.919C0.413,11.025,0,10.611,0,10.107V0.919C0,0.414,0.413,0,0.919,0H12.08\n\tC12.587,0,13,0.414,13,0.919z M12.08,0.919H0.919v9.188h2.756v2.066l2.389-2.066h6.017V0.919z\"\/>\n<\/svg><\/a>\n\t\t\t<aside class=\"share-article-loop share-link post-link\">\n\t\t\t\t\t<\/aside>\n\t\t<\/footer>\n\t\t\t\t<\/div>\r\n\t\t\t<\/div>\r\n\t\t<\/div>\r\n\t<\/div>\r\n\t\t<aside class=\"post-bottom-meta hide\">\n\t\t<meta itemprop=\"mainEntityOfPage\" content=\"https:\/\/latinamericasecurityreport.com\/?p=10343\">\n\t\t<span class=\"vcard author\" itemprop=\"author\" content=\"DKS783NLFABV\">\n\t\t\t<span class=\"fn\">DKS783NLFABV<\/span>\n\t\t<\/span>\n\t\t<time class=\"time publised entry-date\" datetime=\"2026-08-24T14:01:25-04:00\" itemprop=\"datePublished\" content=\"2026-08-24T14:01:25-04:00\">August 24, 2026<\/time>\n\t\t<meta itemprop=\"dateModified\" class=\"updated\" content=\"2026-08-24T14:01:25-04:00\">\n\t\t<span itemprop=\"publisher\" itemscope itemtype=\"https:\/\/schema.org\/Organization\">\n\t\t\t<meta itemprop=\"name\" content=\"Latin America Security Report\">\n\t\t\t<span itemprop=\"logo\" itemscope itemtype=\"https:\/\/schema.org\/ImageObject\">\n\t\t\t\t<meta itemprop=\"url\" content=\"https:\/\/latinamericasecurityreport.com\/wp-content\/themes\/thevoux-wp\/assets\/img\/logo.png\">\n\t\t\t<\/span>\n\t\t<\/span>\n\t\t\t\t\t<span itemprop=\"image\" itemscope itemtype=\"http:\/\/schema.org\/ImageObject\">\n\t\t\t\t<meta itemprop=\"url\" content=\"https:\/\/lawfare-assets-new.azureedge.net\/assets\/images\/default-source\/article-images\/1280px-colombian_presidential_candidate_abelardo_de_la_espriella.jpg?sfvrsn=26423f23_5\">\n\t\t\t\t<meta itemprop=\"width\" content=\"0\" \/>\n\t\t\t\t<meta itemprop=\"height\" content=\"0\" \/>\n\t\t\t<\/span>\n\t\t\t<\/aside>\n\t<\/article>\r\n\t\t\t\t\t\t\t\t\t\t\t\t\t\t<article itemscope itemtype=\"http:\/\/schema.org\/Article\" class=\"post style1  post-10335 post type-post status-publish format-standard has-post-thumbnail hentry category-polity-governance\">\r\n\t<div class=\"row align-middle\">\r\n\t\t<div class=\"small-12 medium-5 large-6 columns\">\r\n\t\t\t\t\t\t<figure class=\"post-gallery\">\r\n\t\t\t\t\t\t\t\t<a href=\"https:\/\/latinamericasecurityreport.com\/?p=10335\" title=\"Brazil\u2019s Lula and Fl\u00e1vio Bolsonaro Return to Their Strongholds to Kick Off Presidential Campaigns\"><img loading=\"lazy\" decoding=\"async\" width=\"740\" height=\"560\" src=\"https:\/\/dims.apnews.com\/dims4\/default\/5a6fb18\/2147483647\/strip\/true\/crop\/5091x3394+0+0\/resize\/2880x1920!\/format\/webp\/quality\/90\/?url=https%3A%2F%2Fassets.apnews.com%2F75%2Ff0%2F95c6ce00b73ddf0adaf6d68347a0%2F9b5264205adf41a9b2ecd688b45ca74f\" class=\"attachment-thevoux-style1-2x size-thevoux-style1-2x wp-post-image\" alt=\"Brazil\u2019s Lula and Fl\u00e1vio Bolsonaro Return to Their Strongholds to Kick Off Presidential Campaigns\" title=\"Brazil\u2019s Lula and Fl\u00e1vio Bolsonaro Return to Their Strongholds to Kick Off Presidential Campaigns\" \/><\/a>\r\n\t\t\t<\/figure>\r\n\t\t\t\t\t<\/div>\r\n\t\t<div class=\"small-12 medium-7 large-6 columns\">\r\n\t\t\t<div class=\"thb-post-style1-content\">\r\n\t\t\t\t\t<div class=\"thb-post-top\">\n\t\t\t\t<aside class=\"post-meta style1\">\n\t\t\t<a href=\"https:\/\/latinamericasecurityreport.com\/?cat=192\" class=\"cat-polity-governance\" aria-label=\"POLITY &amp; GOVERNANCE\">POLITY &amp; GOVERNANCE<\/a>\t\t<\/aside>\n\t\t\t\t\t\t\t<aside class=\"post-date\">\n\t\t\t\tAugust 17, 2026\t\t\t<\/aside>\n\t\t\t<\/div>\n\t\t\t\t\t<div class=\"post-title\"><h3 itemprop=\"headline\"><a href=\"https:\/\/latinamericasecurityreport.com\/?p=10335\" title=\"Brazil\u2019s Lula and Fl\u00e1vio Bolsonaro Return to Their Strongholds to Kick Off Presidential Campaigns\">Brazil\u2019s Lula and Fl\u00e1vio Bolsonaro Return to Their Strongholds to Kick Off Presidential Campaigns<\/a><\/h3><\/div>\t\t\t\t\t\t\t\t<div class=\"post-content small\">\r\n\t\t\t\t\t<p>&nbsp;Brazil\u2019s&nbsp;two main presidential candidates&nbsp;kicked off their campaigns on Sunday, rallying supporters in their political strongholds&hellip;<\/p>\n\t\t\t\t\t<footer class=\"post-links\">\n\t\t<a href=\"https:\/\/latinamericasecurityreport.com\/?p=10335#respond\" title=\"Brazil\u2019s Lula and Fl\u00e1vio Bolsonaro Return to Their Strongholds to Kick Off Presidential Campaigns\" class=\"post-link comment-link\"><svg version=\"1.1\" xmlns=\"http:\/\/www.w3.org\/2000\/svg\" xmlns:xlink=\"http:\/\/www.w3.org\/1999\/xlink\" x=\"0px\" y=\"0px\" width=\"13px\" height=\"13.091px\" viewBox=\"0 0 13 13.091\" enable-background=\"new 0 0 13 13.091\" xml:space=\"preserve\">\n<path d=\"M13,0.919v9.188c0,0.504-0.413,0.918-0.92,0.918H6.408l-2.136,1.838C3.999,13.094,3.62,13.166,3.284,13\n\tc-0.321-0.137-0.528-0.461-0.528-0.826v-1.148H0.919C0.413,11.025,0,10.611,0,10.107V0.919C0,0.414,0.413,0,0.919,0H12.08\n\tC12.587,0,13,0.414,13,0.919z M12.08,0.919H0.919v9.188h2.756v2.066l2.389-2.066h6.017V0.919z\"\/>\n<\/svg><\/a>\n\t\t\t<aside class=\"share-article-loop share-link post-link\">\n\t\t\t\t\t<\/aside>\n\t\t<\/footer>\n\t\t\t\t<\/div>\r\n\t\t\t<\/div>\r\n\t\t<\/div>\r\n\t<\/div>\r\n\t\t<aside class=\"post-bottom-meta hide\">\n\t\t<meta itemprop=\"mainEntityOfPage\" content=\"https:\/\/latinamericasecurityreport.com\/?p=10335\">\n\t\t<span class=\"vcard author\" itemprop=\"author\" content=\"DKS783NLFABV\">\n\t\t\t<span class=\"fn\">DKS783NLFABV<\/span>\n\t\t<\/span>\n\t\t<time class=\"time publised entry-date\" datetime=\"2026-08-17T09:55:09-04:00\" itemprop=\"datePublished\" content=\"2026-08-17T09:55:09-04:00\">August 17, 2026<\/time>\n\t\t<meta itemprop=\"dateModified\" class=\"updated\" content=\"2026-08-17T09:55:09-04:00\">\n\t\t<span itemprop=\"publisher\" itemscope itemtype=\"https:\/\/schema.org\/Organization\">\n\t\t\t<meta itemprop=\"name\" content=\"Latin America Security Report\">\n\t\t\t<span itemprop=\"logo\" itemscope itemtype=\"https:\/\/schema.org\/ImageObject\">\n\t\t\t\t<meta itemprop=\"url\" content=\"https:\/\/latinamericasecurityreport.com\/wp-content\/themes\/thevoux-wp\/assets\/img\/logo.png\">\n\t\t\t<\/span>\n\t\t<\/span>\n\t\t\t\t\t<span itemprop=\"image\" itemscope itemtype=\"http:\/\/schema.org\/ImageObject\">\n\t\t\t\t<meta itemprop=\"url\" content=\"https:\/\/dims.apnews.com\/dims4\/default\/5a6fb18\/2147483647\/strip\/true\/crop\/5091x3394+0+0\/resize\/2880x1920!\/format\/webp\/quality\/90\/?url=https%3A%2F%2Fassets.apnews.com%2F75%2Ff0%2F95c6ce00b73ddf0adaf6d68347a0%2F9b5264205adf41a9b2ecd688b45ca74f\">\n\t\t\t\t<meta itemprop=\"width\" content=\"0\" \/>\n\t\t\t\t<meta itemprop=\"height\" content=\"0\" \/>\n\t\t\t<\/span>\n\t\t\t<\/aside>\n\t<\/article>\r\n\t\t\t\t\t\t\t\t\t\t\t\t\t\t<article itemscope itemtype=\"http:\/\/schema.org\/Article\" class=\"post style1  post-10329 post type-post status-publish format-standard has-post-thumbnail hentry category-polity-governance\">\r\n\t<div class=\"row align-middle\">\r\n\t\t<div class=\"small-12 medium-5 large-6 columns\">\r\n\t\t\t\t\t\t<figure class=\"post-gallery\">\r\n\t\t\t\t\t\t\t\t<a href=\"https:\/\/latinamericasecurityreport.com\/?p=10329\" title=\"Son of Former Mexican President L\u00f3pez Obrador Says Us Revoked His Visa and Appeals Directly to Trump\"><img loading=\"lazy\" decoding=\"async\" width=\"740\" height=\"560\" src=\"https:\/\/dims.apnews.com\/dims4\/default\/18b62f1\/2147483647\/strip\/true\/crop\/4823x3215+0+0\/resize\/819x546!\/format\/webp\/quality\/90\/?url=https%3A%2F%2Fassets.apnews.com%2F6b%2Fd6%2Ffae884a4ed95062f61268a421a20%2Faf7dccd88a524f7cb87e0860662f0a85\" class=\"attachment-thevoux-style1-2x size-thevoux-style1-2x wp-post-image\" alt=\"Son of Former Mexican President L\u00f3pez Obrador Says Us Revoked His Visa and Appeals Directly to Trump\" title=\"Son of Former Mexican President L\u00f3pez Obrador Says Us Revoked His Visa and Appeals Directly to Trump\" \/><\/a>\r\n\t\t\t<\/figure>\r\n\t\t\t\t\t<\/div>\r\n\t\t<div class=\"small-12 medium-7 large-6 columns\">\r\n\t\t\t<div class=\"thb-post-style1-content\">\r\n\t\t\t\t\t<div class=\"thb-post-top\">\n\t\t\t\t<aside class=\"post-meta style1\">\n\t\t\t<a href=\"https:\/\/latinamericasecurityreport.com\/?cat=192\" class=\"cat-polity-governance\" aria-label=\"POLITY &amp; GOVERNANCE\">POLITY &amp; GOVERNANCE<\/a>\t\t<\/aside>\n\t\t\t\t\t\t\t<aside class=\"post-date\">\n\t\t\t\tAugust 14, 2026\t\t\t<\/aside>\n\t\t\t<\/div>\n\t\t\t\t\t<div class=\"post-title\"><h3 itemprop=\"headline\"><a href=\"https:\/\/latinamericasecurityreport.com\/?p=10329\" title=\"Son of Former Mexican President L\u00f3pez Obrador Says Us Revoked His Visa and Appeals Directly to Trump\">Son of Former Mexican President L\u00f3pez Obrador Says Us Revoked His Visa and Appeals Directly to Trump<\/a><\/h3><\/div>\t\t\t\t\t\t\t\t<div class=\"post-content small\">\r\n\t\t\t\t\t<p>Mexican politician Andr\u00e9s Manuel L\u00f3pez Beltr\u00e1n, the son of&nbsp;former President Andr\u00e9s Manuel L\u00f3pez Obrador, said&hellip;<\/p>\n\t\t\t\t\t<footer class=\"post-links\">\n\t\t<a href=\"https:\/\/latinamericasecurityreport.com\/?p=10329#respond\" title=\"Son of Former Mexican President L\u00f3pez Obrador Says Us Revoked His Visa and Appeals Directly to Trump\" class=\"post-link comment-link\"><svg version=\"1.1\" xmlns=\"http:\/\/www.w3.org\/2000\/svg\" xmlns:xlink=\"http:\/\/www.w3.org\/1999\/xlink\" x=\"0px\" y=\"0px\" width=\"13px\" height=\"13.091px\" viewBox=\"0 0 13 13.091\" enable-background=\"new 0 0 13 13.091\" xml:space=\"preserve\">\n<path d=\"M13,0.919v9.188c0,0.504-0.413,0.918-0.92,0.918H6.408l-2.136,1.838C3.999,13.094,3.62,13.166,3.284,13\n\tc-0.321-0.137-0.528-0.461-0.528-0.826v-1.148H0.919C0.413,11.025,0,10.611,0,10.107V0.919C0,0.414,0.413,0,0.919,0H12.08\n\tC12.587,0,13,0.414,13,0.919z M12.08,0.919H0.919v9.188h2.756v2.066l2.389-2.066h6.017V0.919z\"\/>\n<\/svg><\/a>\n\t\t\t<aside class=\"share-article-loop share-link post-link\">\n\t\t\t\t\t<\/aside>\n\t\t<\/footer>\n\t\t\t\t<\/div>\r\n\t\t\t<\/div>\r\n\t\t<\/div>\r\n\t<\/div>\r\n\t\t<aside class=\"post-bottom-meta hide\">\n\t\t<meta itemprop=\"mainEntityOfPage\" content=\"https:\/\/latinamericasecurityreport.com\/?p=10329\">\n\t\t<span class=\"vcard author\" itemprop=\"author\" content=\"DKS783NLFABV\">\n\t\t\t<span class=\"fn\">DKS783NLFABV<\/span>\n\t\t<\/span>\n\t\t<time class=\"time publised entry-date\" datetime=\"2026-08-14T09:50:36-04:00\" itemprop=\"datePublished\" content=\"2026-08-14T09:50:36-04:00\">August 14, 2026<\/time>\n\t\t<meta itemprop=\"dateModified\" class=\"updated\" content=\"2026-08-17T09:50:58-04:00\">\n\t\t<span itemprop=\"publisher\" itemscope itemtype=\"https:\/\/schema.org\/Organization\">\n\t\t\t<meta itemprop=\"name\" content=\"Latin America Security Report\">\n\t\t\t<span itemprop=\"logo\" itemscope itemtype=\"https:\/\/schema.org\/ImageObject\">\n\t\t\t\t<meta itemprop=\"url\" content=\"https:\/\/latinamericasecurityreport.com\/wp-content\/themes\/thevoux-wp\/assets\/img\/logo.png\">\n\t\t\t<\/span>\n\t\t<\/span>\n\t\t\t\t\t<span itemprop=\"image\" itemscope itemtype=\"http:\/\/schema.org\/ImageObject\">\n\t\t\t\t<meta itemprop=\"url\" content=\"https:\/\/dims.apnews.com\/dims4\/default\/18b62f1\/2147483647\/strip\/true\/crop\/4823x3215+0+0\/resize\/819x546!\/format\/webp\/quality\/90\/?url=https%3A%2F%2Fassets.apnews.com%2F6b%2Fd6%2Ffae884a4ed95062f61268a421a20%2Faf7dccd88a524f7cb87e0860662f0a85\">\n\t\t\t\t<meta itemprop=\"width\" content=\"0\" \/>\n\t\t\t\t<meta itemprop=\"height\" content=\"0\" \/>\n\t\t\t<\/span>\n\t\t\t<\/aside>\n\t<\/article>\r\n\t\t\t\t\t\t\t\t\t\t\t\t\t\t<article itemscope itemtype=\"http:\/\/schema.org\/Article\" class=\"post style1  post-10056 post type-post status-publish format-standard has-post-thumbnail hentry category-health-environment\">\r\n\t<div class=\"row align-middle\">\r\n\t\t<div class=\"small-12 medium-5 large-6 columns\">\r\n\t\t\t\t\t\t<figure class=\"post-gallery\">\r\n\t\t\t\t\t\t\t\t<a href=\"https:\/\/latinamericasecurityreport.com\/?p=10056\" title=\"Study Detects, for the First Time in Brazil, Bacteria That Cause a Serious Disease in Farmed Fish\"><img loading=\"lazy\" decoding=\"async\" width=\"740\" height=\"560\" src=\"https:\/\/agencia.fapesp.br\/files\/post\/58796.jpg\" class=\"attachment-thevoux-style1-2x size-thevoux-style1-2x wp-post-image\" alt=\"Study Detects, for the First Time in Brazil, Bacteria That Cause a Serious Disease in Farmed Fish\" title=\"Study Detects, for the First Time in Brazil, Bacteria That Cause a Serious Disease in Farmed Fish\" \/><\/a>\r\n\t\t\t<\/figure>\r\n\t\t\t\t\t<\/div>\r\n\t\t<div class=\"small-12 medium-7 large-6 columns\">\r\n\t\t\t<div class=\"thb-post-style1-content\">\r\n\t\t\t\t\t<div class=\"thb-post-top\">\n\t\t\t\t<aside class=\"post-meta style1\">\n\t\t\t<a href=\"https:\/\/latinamericasecurityreport.com\/?cat=195\" class=\"cat-health-environment\" aria-label=\"HEALTH &amp; ENVIRONMENT\">HEALTH &amp; ENVIRONMENT<\/a>\t\t<\/aside>\n\t\t\t\t\t\t\t<aside class=\"post-date\">\n\t\t\t\tJuly 31, 2026\t\t\t<\/aside>\n\t\t\t<\/div>\n\t\t\t\t\t<div class=\"post-title\"><h3 itemprop=\"headline\"><a href=\"https:\/\/latinamericasecurityreport.com\/?p=10056\" title=\"Study Detects, for the First Time in Brazil, Bacteria That Cause a Serious Disease in Farmed Fish\">Study Detects, for the First Time in Brazil, Bacteria That Cause a Serious Disease in Farmed Fish<\/a><\/h3><\/div>\t\t\t\t\t\t\t\t<div class=\"post-content small\">\r\n\t\t\t\t\t<p>Columnaris disease pathogens, which were previously only found in Asia and the United States, were&hellip;<\/p>\n\t\t\t\t\t<footer class=\"post-links\">\n\t\t<a href=\"https:\/\/latinamericasecurityreport.com\/?p=10056#respond\" title=\"Study Detects, for the First Time in Brazil, Bacteria That Cause a Serious Disease in Farmed Fish\" class=\"post-link comment-link\"><svg version=\"1.1\" xmlns=\"http:\/\/www.w3.org\/2000\/svg\" xmlns:xlink=\"http:\/\/www.w3.org\/1999\/xlink\" x=\"0px\" y=\"0px\" width=\"13px\" height=\"13.091px\" viewBox=\"0 0 13 13.091\" enable-background=\"new 0 0 13 13.091\" xml:space=\"preserve\">\n<path d=\"M13,0.919v9.188c0,0.504-0.413,0.918-0.92,0.918H6.408l-2.136,1.838C3.999,13.094,3.62,13.166,3.284,13\n\tc-0.321-0.137-0.528-0.461-0.528-0.826v-1.148H0.919C0.413,11.025,0,10.611,0,10.107V0.919C0,0.414,0.413,0,0.919,0H12.08\n\tC12.587,0,13,0.414,13,0.919z M12.08,0.919H0.919v9.188h2.756v2.066l2.389-2.066h6.017V0.919z\"\/>\n<\/svg><\/a>\n\t\t\t<aside class=\"share-article-loop share-link post-link\">\n\t\t\t\t\t<\/aside>\n\t\t<\/footer>\n\t\t\t\t<\/div>\r\n\t\t\t<\/div>\r\n\t\t<\/div>\r\n\t<\/div>\r\n\t\t<aside class=\"post-bottom-meta hide\">\n\t\t<meta itemprop=\"mainEntityOfPage\" content=\"https:\/\/latinamericasecurityreport.com\/?p=10056\">\n\t\t<span class=\"vcard author\" itemprop=\"author\" content=\"DKS783NLFABV\">\n\t\t\t<span class=\"fn\">DKS783NLFABV<\/span>\n\t\t<\/span>\n\t\t<time class=\"time publised entry-date\" datetime=\"2026-07-31T15:09:06-04:00\" itemprop=\"datePublished\" content=\"2026-07-31T15:09:06-04:00\">July 31, 2026<\/time>\n\t\t<meta itemprop=\"dateModified\" class=\"updated\" content=\"2026-07-31T15:09:06-04:00\">\n\t\t<span itemprop=\"publisher\" itemscope itemtype=\"https:\/\/schema.org\/Organization\">\n\t\t\t<meta itemprop=\"name\" content=\"Latin America Security Report\">\n\t\t\t<span itemprop=\"logo\" itemscope itemtype=\"https:\/\/schema.org\/ImageObject\">\n\t\t\t\t<meta itemprop=\"url\" content=\"https:\/\/latinamericasecurityreport.com\/wp-content\/themes\/thevoux-wp\/assets\/img\/logo.png\">\n\t\t\t<\/span>\n\t\t<\/span>\n\t\t\t\t\t<span itemprop=\"image\" itemscope itemtype=\"http:\/\/schema.org\/ImageObject\">\n\t\t\t\t<meta itemprop=\"url\" content=\"https:\/\/agencia.fapesp.br\/files\/post\/58796.jpg\">\n\t\t\t\t<meta itemprop=\"width\" content=\"0\" \/>\n\t\t\t\t<meta itemprop=\"height\" content=\"0\" \/>\n\t\t\t<\/span>\n\t\t\t<\/aside>\n\t<\/article>\r\n\t\t\t\t\t\t\t\t\t\t\t\t\t\t<article itemscope itemtype=\"http:\/\/schema.org\/Article\" class=\"post style1  post-9822 post type-post status-publish format-standard has-post-thumbnail hentry category-polity-governance tag-thedailybrieft\">\r\n\t<div class=\"row align-middle\">\r\n\t\t<div class=\"small-12 medium-5 large-6 columns\">\r\n\t\t\t\t\t\t<figure class=\"post-gallery\">\r\n\t\t\t\t\t\t\t\t<a href=\"https:\/\/latinamericasecurityreport.com\/?p=9822\" title=\"Cuba\u2019s Future Remains in Limbo While Trump\u2019s Unpredictable Foreign Policy Offers No Clear Path Forward\"><img loading=\"lazy\" decoding=\"async\" width=\"740\" height=\"560\" src=\"https:\/\/images.theconversation.com\/files\/744946\/original\/file-20260629-57-8wtsue.jpg\" class=\"attachment-thevoux-style1-2x size-thevoux-style1-2x wp-post-image\" alt=\"Cuba\u2019s Future Remains in Limbo While Trump\u2019s Unpredictable Foreign Policy Offers No Clear Path Forward\" title=\"Cuba\u2019s Future Remains in Limbo While Trump\u2019s Unpredictable Foreign Policy Offers No Clear Path Forward\" \/><\/a>\r\n\t\t\t<\/figure>\r\n\t\t\t\t\t<\/div>\r\n\t\t<div class=\"small-12 medium-7 large-6 columns\">\r\n\t\t\t<div class=\"thb-post-style1-content\">\r\n\t\t\t\t\t<div class=\"thb-post-top\">\n\t\t\t\t<aside class=\"post-meta style1\">\n\t\t\t<a href=\"https:\/\/latinamericasecurityreport.com\/?cat=192\" class=\"cat-polity-governance\" aria-label=\"POLITY &amp; GOVERNANCE\">POLITY &amp; GOVERNANCE<\/a>\t\t<\/aside>\n\t\t\t\t\t\t\t<aside class=\"post-date\">\n\t\t\t\tJuly 13, 2026\t\t\t<\/aside>\n\t\t\t<\/div>\n\t\t\t\t\t<div class=\"post-title\"><h3 itemprop=\"headline\"><a href=\"https:\/\/latinamericasecurityreport.com\/?p=9822\" title=\"Cuba\u2019s Future Remains in Limbo While Trump\u2019s Unpredictable Foreign Policy Offers No Clear Path Forward\">Cuba\u2019s Future Remains in Limbo While Trump\u2019s Unpredictable Foreign Policy Offers No Clear Path Forward<\/a><\/h3><\/div>\t\t\t\t\t\t\t\t<div class=\"post-content small\">\r\n\t\t\t\t\t<p>As I consider the dire economic and political turning point my home country of Cuba&hellip;<\/p>\n\t\t\t\t\t<footer class=\"post-links\">\n\t\t<a href=\"https:\/\/latinamericasecurityreport.com\/?p=9822#respond\" title=\"Cuba\u2019s Future Remains in Limbo While Trump\u2019s Unpredictable Foreign Policy Offers No Clear Path Forward\" class=\"post-link comment-link\"><svg version=\"1.1\" xmlns=\"http:\/\/www.w3.org\/2000\/svg\" xmlns:xlink=\"http:\/\/www.w3.org\/1999\/xlink\" x=\"0px\" y=\"0px\" width=\"13px\" height=\"13.091px\" viewBox=\"0 0 13 13.091\" enable-background=\"new 0 0 13 13.091\" xml:space=\"preserve\">\n<path d=\"M13,0.919v9.188c0,0.504-0.413,0.918-0.92,0.918H6.408l-2.136,1.838C3.999,13.094,3.62,13.166,3.284,13\n\tc-0.321-0.137-0.528-0.461-0.528-0.826v-1.148H0.919C0.413,11.025,0,10.611,0,10.107V0.919C0,0.414,0.413,0,0.919,0H12.08\n\tC12.587,0,13,0.414,13,0.919z M12.08,0.919H0.919v9.188h2.756v2.066l2.389-2.066h6.017V0.919z\"\/>\n<\/svg><\/a>\n\t\t\t<aside class=\"share-article-loop share-link post-link\">\n\t\t\t\t\t<\/aside>\n\t\t<\/footer>\n\t\t\t\t<\/div>\r\n\t\t\t<\/div>\r\n\t\t<\/div>\r\n\t<\/div>\r\n\t\t<aside class=\"post-bottom-meta hide\">\n\t\t<meta itemprop=\"mainEntityOfPage\" content=\"https:\/\/latinamericasecurityreport.com\/?p=9822\">\n\t\t<span class=\"vcard author\" itemprop=\"author\" content=\"DKS783NLFABV\">\n\t\t\t<span class=\"fn\">DKS783NLFABV<\/span>\n\t\t<\/span>\n\t\t<time class=\"time publised entry-date\" datetime=\"2026-07-13T22:26:58-04:00\" itemprop=\"datePublished\" content=\"2026-07-13T22:26:58-04:00\">July 13, 2026<\/time>\n\t\t<meta itemprop=\"dateModified\" class=\"updated\" content=\"2026-07-13T22:26:58-04:00\">\n\t\t<span itemprop=\"publisher\" itemscope itemtype=\"https:\/\/schema.org\/Organization\">\n\t\t\t<meta itemprop=\"name\" content=\"Latin America Security Report\">\n\t\t\t<span itemprop=\"logo\" itemscope itemtype=\"https:\/\/schema.org\/ImageObject\">\n\t\t\t\t<meta itemprop=\"url\" content=\"https:\/\/latinamericasecurityreport.com\/wp-content\/themes\/thevoux-wp\/assets\/img\/logo.png\">\n\t\t\t<\/span>\n\t\t<\/span>\n\t\t\t\t\t<span itemprop=\"image\" itemscope itemtype=\"http:\/\/schema.org\/ImageObject\">\n\t\t\t\t<meta itemprop=\"url\" content=\"https:\/\/images.theconversation.com\/files\/744946\/original\/file-20260629-57-8wtsue.jpg\">\n\t\t\t\t<meta itemprop=\"width\" content=\"0\" \/>\n\t\t\t\t<meta itemprop=\"height\" content=\"0\" \/>\n\t\t\t<\/span>\n\t\t\t<\/aside>\n\t<\/article>\r\n\t\t\t\t\t\t\t\t\t\t\t\t\t\t<article itemscope itemtype=\"http:\/\/schema.org\/Article\" class=\"post style1  post-9818 post type-post status-publish format-standard has-post-thumbnail hentry category-polity-governance tag-thedailybrieft\">\r\n\t<div class=\"row align-middle\">\r\n\t\t<div class=\"small-12 medium-5 large-6 columns\">\r\n\t\t\t\t\t\t<figure class=\"post-gallery\">\r\n\t\t\t\t\t\t\t\t<a href=\"https:\/\/latinamericasecurityreport.com\/?p=9818\" title=\"For Nearly 250 Years, the U.S. Has Had Eyes on Latin America \u2013 but Interventions Then Looked Rather Different\"><img loading=\"lazy\" decoding=\"async\" width=\"740\" height=\"560\" src=\"https:\/\/images.theconversation.com\/files\/746132\/original\/file-20260706-85-zxa7o3.jpg\" class=\"attachment-thevoux-style1-2x size-thevoux-style1-2x wp-post-image\" alt=\"For Nearly 250 Years, the U.S. Has Had Eyes on Latin America \u2013 but Interventions Then Looked Rather Different\" title=\"For Nearly 250 Years, the U.S. Has Had Eyes on Latin America \u2013 but Interventions Then Looked Rather Different\" \/><\/a>\r\n\t\t\t<\/figure>\r\n\t\t\t\t\t<\/div>\r\n\t\t<div class=\"small-12 medium-7 large-6 columns\">\r\n\t\t\t<div class=\"thb-post-style1-content\">\r\n\t\t\t\t\t<div class=\"thb-post-top\">\n\t\t\t\t<aside class=\"post-meta style1\">\n\t\t\t<a href=\"https:\/\/latinamericasecurityreport.com\/?cat=192\" class=\"cat-polity-governance\" aria-label=\"POLITY &amp; GOVERNANCE\">POLITY &amp; GOVERNANCE<\/a>\t\t<\/aside>\n\t\t\t\t\t\t\t<aside class=\"post-date\">\n\t\t\t\tJuly 13, 2026\t\t\t<\/aside>\n\t\t\t<\/div>\n\t\t\t\t\t<div class=\"post-title\"><h3 itemprop=\"headline\"><a href=\"https:\/\/latinamericasecurityreport.com\/?p=9818\" title=\"For Nearly 250 Years, the U.S. Has Had Eyes on Latin America \u2013 but Interventions Then Looked Rather Different\">For Nearly 250 Years, the U.S. Has Had Eyes on Latin America \u2013 but Interventions Then Looked Rather Different<\/a><\/h3><\/div>\t\t\t\t\t\t\t\t<div class=\"post-content small\">\r\n\t\t\t\t\t<p>Since the beginning of the second Trump administration, the United States has ramped up military,&hellip;<\/p>\n\t\t\t\t\t<footer class=\"post-links\">\n\t\t<a href=\"https:\/\/latinamericasecurityreport.com\/?p=9818#respond\" title=\"For Nearly 250 Years, the U.S. Has Had Eyes on Latin America \u2013 but Interventions Then Looked Rather Different\" class=\"post-link comment-link\"><svg version=\"1.1\" xmlns=\"http:\/\/www.w3.org\/2000\/svg\" xmlns:xlink=\"http:\/\/www.w3.org\/1999\/xlink\" x=\"0px\" y=\"0px\" width=\"13px\" height=\"13.091px\" viewBox=\"0 0 13 13.091\" enable-background=\"new 0 0 13 13.091\" xml:space=\"preserve\">\n<path d=\"M13,0.919v9.188c0,0.504-0.413,0.918-0.92,0.918H6.408l-2.136,1.838C3.999,13.094,3.62,13.166,3.284,13\n\tc-0.321-0.137-0.528-0.461-0.528-0.826v-1.148H0.919C0.413,11.025,0,10.611,0,10.107V0.919C0,0.414,0.413,0,0.919,0H12.08\n\tC12.587,0,13,0.414,13,0.919z M12.08,0.919H0.919v9.188h2.756v2.066l2.389-2.066h6.017V0.919z\"\/>\n<\/svg><\/a>\n\t\t\t<aside class=\"share-article-loop share-link post-link\">\n\t\t\t\t\t<\/aside>\n\t\t<\/footer>\n\t\t\t\t<\/div>\r\n\t\t\t<\/div>\r\n\t\t<\/div>\r\n\t<\/div>\r\n\t\t<aside class=\"post-bottom-meta hide\">\n\t\t<meta itemprop=\"mainEntityOfPage\" content=\"https:\/\/latinamericasecurityreport.com\/?p=9818\">\n\t\t<span class=\"vcard author\" itemprop=\"author\" content=\"DKS783NLFABV\">\n\t\t\t<span class=\"fn\">DKS783NLFABV<\/span>\n\t\t<\/span>\n\t\t<time class=\"time publised entry-date\" datetime=\"2026-07-13T22:24:56-04:00\" itemprop=\"datePublished\" content=\"2026-07-13T22:24:56-04:00\">July 13, 2026<\/time>\n\t\t<meta itemprop=\"dateModified\" class=\"updated\" content=\"2026-07-13T22:24:56-04:00\">\n\t\t<span itemprop=\"publisher\" itemscope itemtype=\"https:\/\/schema.org\/Organization\">\n\t\t\t<meta itemprop=\"name\" content=\"Latin America Security Report\">\n\t\t\t<span itemprop=\"logo\" itemscope itemtype=\"https:\/\/schema.org\/ImageObject\">\n\t\t\t\t<meta itemprop=\"url\" content=\"https:\/\/latinamericasecurityreport.com\/wp-content\/themes\/thevoux-wp\/assets\/img\/logo.png\">\n\t\t\t<\/span>\n\t\t<\/span>\n\t\t\t\t\t<span itemprop=\"image\" itemscope itemtype=\"http:\/\/schema.org\/ImageObject\">\n\t\t\t\t<meta itemprop=\"url\" content=\"https:\/\/images.theconversation.com\/files\/746132\/original\/file-20260706-85-zxa7o3.jpg\">\n\t\t\t\t<meta itemprop=\"width\" content=\"0\" \/>\n\t\t\t\t<meta itemprop=\"height\" content=\"0\" \/>\n\t\t\t<\/span>\n\t\t\t<\/aside>\n\t<\/article>\r\n\t\t\t\t\t\t\t\t\t\t\t\t\t<\/div>\n\t\t[\/vc_column][vc_column fixed=&#8221;true&#8221; width=&#8221;1\/4&#8243; full_height=&#8221;&#8221; enable_parallax=&#8221;&#8221; parallax_speed=&#8221;0.5&#8243;][vc_widget_sidebar sidebar_id=&#8221;home_4&#8243;]<aside class=\"gap cf\" style=\"height:30px;\"><\/aside>[\/vc_column][\/vc_row][vc_row column_padding=&#8221;false&#8221; full_width_row=&#8221;true&#8221; disable_element=&#8221;yes&#8221; css=&#8221;.vc_custom_1512180450502{border-top-width: 1px !important;border-right-width: 0px !important;border-bottom-width: 0px !important;border-left-width: 0px !important;padding-top: 20px !important;padding-bottom: 20px !important;border-left-color: #eaeaea !important;border-left-style: solid !important;border-right-color: #eaeaea !important;border-right-style: solid !important;border-top-color: #eaeaea !important;border-top-style: solid !important;border-bottom-color: #eaeaea !important;border-bottom-style: solid !important;}&#8221; equal_height=&#8221;&#8221; vertical_center=&#8221;&#8221; enable_parallax=&#8221;&#8221; parallax_speed=&#8221;0.5&#8243; mouse_scroll=&#8221;&#8221;][vc_column width=&#8221;1\/2&#8243; offset=&#8221;vc_col-lg-offset-4 vc_col-lg-4 vc_col-md-offset-2 vc_col-md-8 vc_col-xs-12&#8243; full_height=&#8221;&#8221; enable_parallax=&#8221;&#8221; parallax_speed=&#8221;0.5&#8243;]\t <div class=\"thb_subscribe style1\">\n\t\t\t\t\t\t\t\t\t<h3>Join us<\/h3>\t\t\t\t\t\t<form class=\"newsletter-form\" action=\"#\" method=\"post\" data-security=\"09b5d05f32\">\n\t\t\t\t<input placeholder=\"Your E-Mail\" type=\"text\" name=\"widget_subscribe\" class=\"widget_subscribe\">\n\t\t\t\t<button type=\"submit\" name=\"submit\" class=\"btn large black\">SIGN UP<\/button>\n\t\t\t\t\t\t\t<\/form>\n\t\t\t\t\t\t<\/div>\n\t[\/vc_column][\/vc_row]\n<\/div>","protected":false},"excerpt":{"rendered":"<p>[vc_row full_height=&#8221;yes&#8221; columns_placement=&#8221;top&#8221; equal_height=&#8221;true&#8221; vertical_center=&#8221;&#8221; enable_parallax=&#8221;&#8221; parallax_speed=&#8221;0.5&#8243; mouse_scroll=&#8221;&#8221;][vc_column width=&#8221;3\/4&#8243;][vc_row_inner][vc_column_inner width=&#8221;1\/3&#8243;][\/vc_column_inner][vc_column_inner width=&#8221;1\/3&#8243;][\/vc_column_inner][vc_column_inner width=&#8221;1\/3&#8243;][\/vc_column_inner][\/vc_row_inner][\/vc_column][vc_column fixed=&#8221;true&#8221; width=&#8221;1\/4&#8243; full_height=&#8221;&#8221;&hellip;<\/p>\n","protected":false},"author":124,"featured_media":0,"parent":0,"menu_order":0,"comment_status":"closed","ping_status":"open","template":"","meta":{"ngg_post_thumbnail":0,"footnotes":""},"class_list":["post-54","page","type-page","status-publish","hentry"],"_links":{"self":[{"href":"https:\/\/latinamericasecurityreport.com\/index.php?rest_route=\/wp\/v2\/pages\/54","targetHints":{"allow":["GET"]}}],"collection":[{"href":"https:\/\/latinamericasecurityreport.com\/index.php?rest_route=\/wp\/v2\/pages"}],"about":[{"href":"https:\/\/latinamericasecurityreport.com\/index.php?rest_route=\/wp\/v2\/types\/page"}],"author":[{"embeddable":true,"href":"https:\/\/latinamericasecurityreport.com\/index.php?rest_route=\/wp\/v2\/users\/124"}],"replies":[{"embeddable":true,"href":"https:\/\/latinamericasecurityreport.com\/index.php?rest_route=%2Fwp%2Fv2%2Fcomments&post=54"}],"version-history":[{"count":82,"href":"https:\/\/latinamericasecurityreport.com\/index.php?rest_route=\/wp\/v2\/pages\/54\/revisions"}],"predecessor-version":[{"id":9564,"href":"https:\/\/latinamericasecurityreport.com\/index.php?rest_route=\/wp\/v2\/pages\/54\/revisions\/9564"}],"wp:attachment":[{"href":"https:\/\/latinamericasecurityreport.com\/index.php?rest_route=%2Fwp%2Fv2%2Fmedia&parent=54"}],"curies":[{"name":"wp","href":"https:\/\/api.w.org\/{rel}","templated":true}]}}